{"id":1546,"date":"2019-08-06T16:39:28","date_gmt":"2019-08-06T16:39:28","guid":{"rendered":"https:\/\/www.generaltransport.rs\/?page_id=1546"},"modified":"2020-10-27T15:02:43","modified_gmt":"2020-10-27T14:02:43","slug":"ueber-uns","status":"publish","type":"page","link":"https:\/\/www.generaltransport.rs\/de\/ueber-uns\/","title":{"rendered":"\u00dcber uns"},"content":{"rendered":"<div id=\"pl-1546\"  class=\"panel-layout\" ><div id=\"pg-1546-0\"  class=\"panel-grid panel-no-style\" ><div id=\"pgc-1546-0-0\"  class=\"panel-grid-cell\" ><div id=\"panel-1546-0-0-0\" class=\"so-panel widget widget_sow-headline panel-first-child panel-last-child\" data-index=\"0\" ><div class=\"panel-widget-style panel-widget-style-for-1546-0-0-0\" ><div\n\t\t\t\n\t\t\tclass=\"so-widget-sow-headline so-widget-sow-headline-default-492fbdf3de26-1546\"\n\t\t\t\n\t\t><div class=\"sow-headline-container \">\n\t\t\t\t\t\t\t<h1 class=\"sow-headline\">\n\t\t\t\t\t\t\u00dcber uns - General Transport doo\t\t\t\t\t\t<\/h1>\n\t\t\t\t\t\t\t\t\t\t\t<div class=\"decoration\">\n\t\t\t\t\t\t<div class=\"decoration-inside\"><\/div>\n\t\t\t\t\t<\/div>\n\t\t\t\t\t<\/div>\n<\/div><\/div><\/div><\/div><\/div><div id=\"pg-1546-1\"  class=\"panel-grid panel-no-style\" ><div id=\"pgc-1546-1-0\"  class=\"panel-grid-cell\" ><div id=\"panel-1546-1-0-0\" class=\"so-panel widget widget_sow-editor panel-first-child panel-last-child\" data-index=\"1\" ><div\n\t\t\t\n\t\t\tclass=\"so-widget-sow-editor so-widget-sow-editor-base\"\n\t\t\t\n\t\t>\n<div class=\"siteorigin-widget-tinymce textwidget\">\n\t<p>Die General Transport Company wurde 2006 gegr\u00fcndet. Wir haben die Notwendigkeit des Marktes erkannt, qualitativ hochwertige Verbindungen mit dem restlichen Europa herzustellen. Wir haben dann begonnen, ein eigenes Netzwerk aufzubauen, das immer st\u00e4rker wird. Die Logistikwelt mag kompliziert erscheinen, aber wir sind hier, um sie f\u00fcr Sie zu vereinfachen.<\/p>\n<p>Unsere Hauptt\u00e4tigkeit ist die Erbringung von G\u00fcterverkehrsleistungen in den L\u00e4ndern Westeuropas und des Balkans. Wir befassen uns mit Stra\u00dfentransporten von Lieferwagen und haben drei Arten von Transporten: Sammeltransporte, Einzeltransporte sowie Expresslieferungen.<\/p>\n<p>Wir haben unsere eigene Flotte von 20 neuen Lieferwagen. Wir sind bestrebt, Trends zu folgen, unseren Service zu bereichern und uns von der Konkurrenz abzuheben.<\/p>\n<p>Wir verbinden Modernes mit Traditionellem. Dazu kommen die Erfahrung von \u00fcber 15 Jahren sowie langj\u00e4hrige Gesch\u00e4ftsbeziehungen und Kontakte zu anderen Spediteuren ... und Sie erfahren die Geschichte hinter \"General Transport\". All dies macht uns zu einem \u00e4u\u00dferst flexiblen Gesch\u00e4ftspartner, der schnell und sicher auf die anspruchsvollsten Anforderungen unserer Kunden reagieren kann. Wir sind ein idealer Gesch\u00e4ftspartner f\u00fcr kleine und mittlere Unternehmen.<\/p>\n<\/div>\n<\/div><\/div><\/div><\/div><div id=\"pg-1546-2\"  class=\"panel-grid panel-no-style\" ><div id=\"pgc-1546-2-0\"  class=\"panel-grid-cell\" ><div id=\"panel-1546-2-0-0\" class=\"so-panel widget widget_sow-hero panel-first-child panel-last-child\" data-index=\"2\" ><div class=\"panel-widget-style panel-widget-style-for-1546-2-0-0\" ><div\n\t\t\t\n\t\t\tclass=\"so-widget-sow-hero so-widget-sow-hero-default-53fdb69c8401-1546 so-widget-fittext-wrapper\"\n\t\t\t data-fit-text-compressor=\"0.85\"\n\t\t>\t\t\t\t<div class=\"sow-slider-base\" style=\"display: none\" tabindex=\"0\">\n\t\t\t\t\t<ul\n\t\t\t\t\tclass=\"sow-slider-images\"\n\t\t\t\t\tdata-settings=\"{&quot;pagination&quot;:true,&quot;speed&quot;:1,&quot;timeout&quot;:0,&quot;paused&quot;:false,&quot;pause_on_hover&quot;:false,&quot;swipe&quot;:true,&quot;nav_always_show_desktop&quot;:&quot;&quot;,&quot;nav_always_show_mobile&quot;:&quot;&quot;,&quot;breakpoint&quot;:&quot;780px&quot;,&quot;unmute&quot;:false,&quot;anchor&quot;:null}\"\n\t\t\t\t\tstyle=\"min-height: 320px\"\t\t\t\t\tdata-anchor-id=\"\"\n\t\t\t\t>\t\t<li class=\"sow-slider-image  sow-slider-image-cover\" style=\"visibility: visible;;background-color: #333333;background-image: url(https:\/\/www.generaltransport.rs\/wp-content\/uploads\/2019\/09\/vozila-1.jpg);cursor: pointer;\" data-url=\"{&quot;url&quot;:&quot;https:\\\/\\\/www.generaltransport.rs\\\/o-nama\\\/vozni-park\\\/&quot;,&quot;new_window&quot;:false}\" >\n\t\t\t\t\t<div class=\"sow-slider-image-container\">\n\t\t\t<div class=\"sow-slider-image-wrapper\">\n\t\t\t\t<h2><span style=\"font-weight: 400\">Unsere Flotte<\/span><\/h2>\n<p>&nbsp;<\/p>\n\t\t\t<\/div>\n\t\t<\/div>\n\t\t\t\t<\/li>\n\t\t<\/ul>\t\t\t\t<ol class=\"sow-slider-pagination\">\n\t\t\t\t\t\t\t\t\t\t\t<li><a href=\"#\" data-goto=\"0\" aria-label=\"Display slide 1\"><\/a><\/li>\n\t\t\t\t\t\t\t\t\t<\/ol>\n\n\t\t\t\t<div class=\"sow-slide-nav sow-slide-nav-next\">\n\t\t\t\t\t<a href=\"#\" data-goto=\"next\" aria-label=\"Next slide\" data-action=\"next\">\n\t\t\t\t\t\t<em class=\"sow-sld-icon-thin-right\"><\/em>\n\t\t\t\t\t<\/a>\n\t\t\t\t<\/div>\n\n\t\t\t\t<div class=\"sow-slide-nav sow-slide-nav-prev\">\n\t\t\t\t\t<a href=\"#\" data-goto=\"previous\" aria-label=\"Previous slide\" data-action=\"prev\">\n\t\t\t\t\t\t<em class=\"sow-sld-icon-thin-left\"><\/em>\n\t\t\t\t\t<\/a>\n\t\t\t\t<\/div>\n\t\t\t\t<\/div><\/div><\/div><\/div><\/div><div id=\"pgc-1546-2-1\"  class=\"panel-grid-cell\" ><div id=\"panel-1546-2-1-0\" class=\"so-panel widget widget_sow-hero panel-first-child panel-last-child\" data-index=\"3\" ><div class=\"panel-widget-style panel-widget-style-for-1546-2-1-0\" ><div\n\t\t\t\n\t\t\tclass=\"so-widget-sow-hero so-widget-sow-hero-default-4a3a083e6be6-1546 so-widget-fittext-wrapper\"\n\t\t\t data-fit-text-compressor=\"0.85\"\n\t\t>\t\t\t\t<div class=\"sow-slider-base\" style=\"display: none\" tabindex=\"0\">\n\t\t\t\t\t<ul\n\t\t\t\t\tclass=\"sow-slider-images\"\n\t\t\t\t\tdata-settings=\"{&quot;pagination&quot;:true,&quot;speed&quot;:1,&quot;timeout&quot;:0,&quot;paused&quot;:false,&quot;pause_on_hover&quot;:false,&quot;swipe&quot;:true,&quot;nav_always_show_desktop&quot;:&quot;&quot;,&quot;nav_always_show_mobile&quot;:&quot;&quot;,&quot;breakpoint&quot;:&quot;780px&quot;,&quot;unmute&quot;:false,&quot;anchor&quot;:null}\"\n\t\t\t\t\tstyle=\"min-height: 320px\"\t\t\t\t\tdata-anchor-id=\"\"\n\t\t\t\t>\t\t<li class=\"sow-slider-image  sow-slider-image-cover\" style=\"visibility: visible;;background-color: #333333;background-image: url(https:\/\/www.generaltransport.rs\/wp-content\/uploads\/2019\/09\/Evropa-2.jpg);cursor: pointer;\" data-url=\"{&quot;url&quot;:&quot;https:\\\/\\\/www.generaltransport.rs\\\/o-nama\\\/nas-tim\\\/&quot;,&quot;new_window&quot;:false}\" >\n\t\t\t\t\t<div class=\"sow-slider-image-container\">\n\t\t\t<div class=\"sow-slider-image-wrapper\">\n\t\t\t\t<h2>Lernen Sie unser Team kennen<\/h2>\n\t\t\t<\/div>\n\t\t<\/div>\n\t\t\t\t<\/li>\n\t\t<\/ul>\t\t\t\t<ol class=\"sow-slider-pagination\">\n\t\t\t\t\t\t\t\t\t\t\t<li><a href=\"#\" data-goto=\"0\" aria-label=\"Display slide 1\"><\/a><\/li>\n\t\t\t\t\t\t\t\t\t<\/ol>\n\n\t\t\t\t<div class=\"sow-slide-nav sow-slide-nav-next\">\n\t\t\t\t\t<a href=\"#\" data-goto=\"next\" aria-label=\"Next slide\" data-action=\"next\">\n\t\t\t\t\t\t<em class=\"sow-sld-icon-thin-right\"><\/em>\n\t\t\t\t\t<\/a>\n\t\t\t\t<\/div>\n\n\t\t\t\t<div class=\"sow-slide-nav sow-slide-nav-prev\">\n\t\t\t\t\t<a href=\"#\" data-goto=\"previous\" aria-label=\"Previous slide\" data-action=\"prev\">\n\t\t\t\t\t\t<em class=\"sow-sld-icon-thin-left\"><\/em>\n\t\t\t\t\t<\/a>\n\t\t\t\t<\/div>\n\t\t\t\t<\/div><\/div><\/div><\/div><\/div><\/div><div id=\"pg-1546-3\"  class=\"panel-grid panel-no-style\" ><div id=\"pgc-1546-3-0\"  class=\"panel-grid-cell\" ><div id=\"panel-1546-3-0-0\" class=\"so-panel widget widget_sow-editor panel-first-child panel-last-child\" data-index=\"4\" ><div\n\t\t\t\n\t\t\tclass=\"so-widget-sow-editor so-widget-sow-editor-base\"\n\t\t\t\n\t\t>\n<div class=\"siteorigin-widget-tinymce textwidget\">\n\t<p>Was uns von der Konkurrenz abhebt, ist unser Engagement f\u00fcr unsere Kunden und die gute alte Professionalit\u00e4t. Wir glauben, dass der Deal am wichtigsten ist und wir halten uns immer an das, was wir versprechen. Wenn sich herausstellt, dass Ihre Waren die Abmessungen unserer Fahrzeuge \u00fcberschreiten, koordinieren und arrangieren wir sehr einfach den Transport mit unseren Gesch\u00e4ftspartnern. Unsere M\u00f6glichkeiten sind nur durch Ihre Vorstellungskraft begrenzt.<\/p>\n<p>Wir sind stolz darauf, mit au\u00dfergew\u00f6hnlich g\u00fcnstigen Transporttarifen hervorzuheben, die auf die Markt- und Gesch\u00e4ftsbedingungen zugeschnitten sind. Regelm\u00e4\u00dfige Sammeltransportlinien werden w\u00f6chentlich organisiert, damit die Sendungsabholung mit hoher Geschwindigkeit abgewickelt werden kann. Diese Linien umfassen Touren durch Deutschland, \u00d6sterreich, die Schweiz und Frankreich sowie die Tschechische Republik, die Slowakei, Ungarn und die Niederlande. Alleine Transporte und schnelle t\u00e4gliche Expresslieferungen werden in Rekordzeit organisiert.<\/p>\n<p>Wir sind bemerkenswert flexibel und glauben, dass wir den Bed\u00fcrfnissen aller gerecht werden k\u00f6nnen. Das l\u00e4sst uns Raum f\u00fcr Kreativit\u00e4t und besseres strategisches Denken. Wir sind stets bem\u00fcht, die Ware auch bei unvorhergesehenen Umst\u00e4nden p\u00fcnktlich zu liefern.<\/p>\n<p>Die Zufriedenheit unserer Kunden hat f\u00fcr uns selbstverst\u00e4ndlich Priorit\u00e4t und wir bem\u00fchen uns um eine bessere und engere Partnerschaft. Mit jeder neuen Tour beweisen wir die Qualit\u00e4t und Geschwindigkeit unseres Services.<\/p>\n<\/div>\n<\/div><\/div><\/div><\/div><div id=\"pg-1546-4\"  class=\"panel-grid panel-no-style\" ><div id=\"pgc-1546-4-0\"  class=\"panel-grid-cell\" ><div id=\"panel-1546-4-0-0\" class=\"so-panel widget widget_sow-headline panel-first-child panel-last-child\" data-index=\"5\" ><div class=\"panel-widget-style panel-widget-style-for-1546-4-0-0\" ><div\n\t\t\t\n\t\t\tclass=\"so-widget-sow-headline so-widget-sow-headline-default-492fbdf3de26-1546\"\n\t\t\t\n\t\t><div class=\"sow-headline-container \">\n\t\t\t\t\t\t\t<h1 class=\"sow-headline\">\n\t\t\t\t\t\tKontaktieren Sie uns!\t\t\t\t\t\t<\/h1>\n\t\t\t\t\t\t\t\t\t\t\t<div class=\"decoration\">\n\t\t\t\t\t\t<div class=\"decoration-inside\"><\/div>\n\t\t\t\t\t<\/div>\n\t\t\t\t\t<\/div>\n<\/div><\/div><\/div><\/div><\/div><div id=\"pg-1546-5\"  class=\"panel-grid panel-no-style\" ><div id=\"pgc-1546-5-0\"  class=\"panel-grid-cell\" ><div id=\"panel-1546-5-0-0\" class=\"so-panel widget widget_sow-contact-form panel-first-child panel-last-child\" data-index=\"6\" ><div class=\"panel-widget-style panel-widget-style-for-1546-5-0-0\" ><div\n\t\t\t\n\t\t\tclass=\"so-widget-sow-contact-form so-widget-sow-contact-form-default-033547a3a012-1546\"\n\t\t\t\n\t\t><h3 class=\"widget-title\">Schick uns eine Nachricht<\/h3>\t<form\n\t\taction=\"\/de\/wp-json\/wp\/v2\/pages\/1546\"\n\t\tmethod=\"POST\"\n\t\tclass=\"sow-contact-form\"\n\t\tid=\"contact-form-2985\"\n\t>\n\n\t\t\n\t\t\t\t\t<div class=\"sow-form-field sow-form-field-name\">\n\t\t\t\t<label class=\"sow-form-field-label-above\" for=\"sow-contact-form-field-dein-name-1\">\n\t\t\t\t<strong>\n\t\t\t\t\tDein Name\t\t\t\t\t\t\t\t\t<\/strong>\n\t\t\t<\/label>\n\t\t\t\t\t\t\t<div class=\"sow-field-container\">\n\t\t\t\t\t\t\t<input\n\t\t\ttype=\"text\"\n\t\t\tname=\"dein-name-1\"\n\t\t\tid=\"sow-contact-form-field-dein-name-1\"\n\t\t\tvalue=\"\"\n\t\t\tclass=\"sow-text-field\"\n\t\t\t\t\t\t\t\t\/>\n\t\t\t\t\t\t<\/div>\n\t\t\t\t\t\t\t<\/div>\n\t\t\t\t\t\t<div class=\"sow-form-field sow-form-field-email\">\n\t\t\t\t<label class=\"sow-form-field-label-above\" for=\"sow-contact-form-field-email-1\">\n\t\t\t\t<strong>\n\t\t\t\t\tEmail\t\t\t\t\t\t\t\t\t<\/strong>\n\t\t\t<\/label>\n\t\t\t\t\t\t\t<div class=\"sow-field-container\">\n\t\t\t\t\t\t\t<input\n\t\t\ttype=\"email\"\n\t\t\tname=\"email-1\"\n\t\t\tid=\"sow-contact-form-field-email-1\"\n\t\t\tvalue=\"\"\n\t\t\tclass=\"sow-text-field\"\t\t\taria-describedby=\"sow-contact-form-field-email-1-description\" \t\t\t\t\t\/>\n\t\t\t\t\t\t\t\t<div\n\t\t\t\t\t\t\tclass=\"sow-form-field-description\"\n\t\t\t\t\t\t\tid=\"sow-contact-form-field-email-1-description\"\n\t\t\t\t\t\t>\n\t\t\t\t\t\t\texample@generaltransport.rs\t\t\t\t\t\t<\/div>\n\t\t\t\t\t\t\t\t\t\t<\/div>\n\t\t\t\t\t\t\t<\/div>\n\t\t\t\t\t\t<div class=\"sow-form-field sow-form-field-textarea\">\n\t\t\t\t<label class=\"sow-form-field-label-above\" for=\"sow-contact-form-field-deine-nachricht-1\">\n\t\t\t\t<strong>\n\t\t\t\t\tDeine Nachricht\t\t\t\t\t\t\t\t\t<\/strong>\n\t\t\t<\/label>\n\t\t\t\t\t\t\t<div class=\"sow-field-container\">\n\t\t\t\t\t\t\t<textarea\n\t\t\tname=\"deine-nachricht-1\"\n\t\t\tid=\"sow-contact-form-field-deine-nachricht-1\"\n\t\t\trows=\"10\"\n\t\t\t\t\t\t\t\t><\/textarea>\n\t\t\t\t\t\t<\/div>\n\t\t\t\t\t\t\t<\/div>\n\t\t\t\n\t\t\t\t\t<div class=\"sow-recaptcha\"\n\t\t\t\t\t\t\t\t\tdata-config=\"{&quot;sitekey&quot;:&quot;6LcAANwZAAAAAAYF-MpCrNw1fuKnAA3JNx4ftVnQ&quot;,&quot;theme&quot;:&quot;light&quot;,&quot;type&quot;:&quot;image&quot;,&quot;size&quot;:&quot;normal&quot;}\"\n\t\t\t\t\t\t\t><\/div>\n\t\t\t\n\t\t<div class=\"sow-submit-wrapper \n\t\tsow-submit-styled\t\t\">\n\n\t\t\t<button\n\t\t\t\ttype=\"submit\"\n\t\t\t\tclass=\"sow-submit\n\t\t\t\t\t\t\t\t\"\n\t\t\t\t\t\t\t>\n\t\t\t\tSenden\t\t\t<\/button>\n\t\t<\/div>\n\t\t\t\t<input\n\t\t\ttype=\"hidden\"\n\t\t\tname=\"instance_hash-1\"\n\t\t\tvalue=\"2985f41d\"\n\t\t\/>\n\n\t\t<input type=\"hidden\" id=\"_wpnonce\" name=\"_wpnonce\" value=\"ed72710dc5\" \/><input type=\"hidden\" name=\"_wp_http_referer\" value=\"\/de\/wp-json\/wp\/v2\/pages\/1546\" \/>\t<\/form>\n\t<\/div><\/div><\/div><\/div><div id=\"pgc-1546-5-1\"  class=\"panel-grid-cell\" ><div id=\"panel-1546-5-1-0\" class=\"so-panel widget widget_sow-editor panel-first-child\" data-index=\"7\" ><div class=\"panel-widget-style panel-widget-style-for-1546-5-1-0\" ><div\n\t\t\t\n\t\t\tclass=\"so-widget-sow-editor so-widget-sow-editor-base\"\n\t\t\t\n\t\t><h3 class=\"widget-title\">Rufen Sie uns an:<\/h3>\n<div class=\"siteorigin-widget-tinymce textwidget\">\n\t<h4>+381 21 270 1303 \/ +381 61 166 50 30<\/h4>\n<\/div>\n<\/div><\/div><\/div><div id=\"panel-1546-5-1-1\" class=\"so-panel widget widget_sow-social-media-buttons\" data-index=\"8\" ><div class=\"panel-widget-style panel-widget-style-for-1546-5-1-1\" ><div\n\t\t\t\n\t\t\tclass=\"so-widget-sow-social-media-buttons so-widget-sow-social-media-buttons-atom-d43b93cb3e08-1546\"\n\t\t\t\n\t\t>\n<h3 class=\"widget-title\">Lassen Sie uns verbinden:<\/h3>\n<div class=\"social-media-button-container\">\n\t\n\t\t<a \n\t\tclass=\"ow-button-hover sow-social-media-button-facebook-0 sow-social-media-button\" title=\"General Transport on Facebook\" aria-label=\"General Transport on Facebook\" target=\"_blank\" rel=\"noopener noreferrer\" href=\"https:\/\/www.facebook.com\/General-Transport-246055358889232\/\" \t\t>\n\t\t\t<span>\n\t\t\t\t\t\t\t\t<span class=\"sow-icon-fontawesome sow-fab\" data-sow-icon=\"&#xf39e;\"\n\t\t \n\t\taria-hidden=\"true\"><\/span>\t\t\t\t\t\t\t<\/span>\n\t\t<\/a>\n\t\n\t\t<a \n\t\tclass=\"ow-button-hover sow-social-media-button-linkedin-0 sow-social-media-button\" title=\"General Transport on Linkedin\" aria-label=\"General Transport on Linkedin\" target=\"_blank\" rel=\"noopener noreferrer\" href=\"https:\/\/www.linkedin.com\/company\/general-transport-d-o-o-\" \t\t>\n\t\t\t<span>\n\t\t\t\t\t\t\t\t<span class=\"sow-icon-fontawesome sow-fab\" data-sow-icon=\"&#xf0e1;\"\n\t\t \n\t\taria-hidden=\"true\"><\/span>\t\t\t\t\t\t\t<\/span>\n\t\t<\/a>\n\t<\/div>\n<\/div><\/div><\/div><div id=\"panel-1546-5-1-2\" class=\"so-panel widget widget_sow-accordion panel-last-child\" data-index=\"9\" ><div class=\"panel-widget-style panel-widget-style-for-1546-5-1-2\" ><div\n\t\t\t\n\t\t\tclass=\"so-widget-sow-accordion so-widget-sow-accordion-default-7b55c0d000a5-1546\"\n\t\t\t\n\t\t><h3 class=\"widget-title\">FAQ:<\/h3><div>\n\t<div class=\"sow-accordion\">\n\t\t\t<div class=\"sow-accordion-panel\n\t\t\t\t\t\"\n\t\t\t\tdata-anchor-id=\"welche-laender-decken-wir-ab\">\n\t\t\t\t\t<div class=\"sow-accordion-panel-header-container\" role=\"heading\" aria-level=\"2\">\n\t\t\t\t\t<div class=\"sow-accordion-panel-header\" tabindex=\"0\" role=\"button\" id=\"accordion-label-welche-l%c3%a4nder-decken-wir-ab\" aria-controls=\"accordion-content-welche-l%c3%a4nder-decken-wir-ab\" aria-expanded=\"false\">\n\t\t\t\t\t\t<div class=\"sow-accordion-title sow-accordion-title-icon-left\">\n\t\t\t\t\t\t\t\t\t\t\t\t\t\tWelche L\u00e4nder decken wir ab?\t\t\t\t\t\t\t\t\t\t\t\t\t<\/div>\n\t\t\t\t\t\t<div class=\"sow-accordion-open-close-button\">\n\t\t\t\t\t\t\t<div class=\"sow-accordion-open-button\">\n\t\t\t\t\t\t\t\t<span class=\"sow-icon-ionicons\" data-sow-icon=\"&#xf218;\"\n\t\t \n\t\taria-hidden=\"true\"><\/span>\t\t\t\t\t\t\t<\/div>\n\t\t\t\t\t\t\t<div class=\"sow-accordion-close-button\">\n\t\t\t\t\t\t\t\t<span class=\"sow-icon-ionicons\" data-sow-icon=\"&#xf209;\"\n\t\t \n\t\taria-hidden=\"true\"><\/span>\t\t\t\t\t\t\t<\/div>\n\t\t\t\t\t\t<\/div>\n\t\t\t\t\t<\/div>\n\t\t\t\t<\/div>\n\n\t\t\t<div\n\t\t\t\tclass=\"sow-accordion-panel-content\"\n\t\t\t\trole=\"region\"\n\t\t\t\taria-labelledby=\"accordion-label-welche-l%c3%a4nder-decken-wir-ab\"\n\t\t\t\tid=\"accordion-content-welche-l%c3%a4nder-decken-wir-ab\"\n\t\t\t\tstyle=\"display: none;\"\t\t\t>\n\t\t\t\t<div class=\"sow-accordion-panel-border\">\n\t\t\t\t\t<p>Wir sind europaweit t\u00e4tig und organisieren in der Regel Transporte nach Deutschland, in die Schweiz, nach \u00d6sterreich, nach Frankreich, in die Niederlande, nach Tschechien, in die Slowakei, nach Belgien und nach Ungarn. Wir haben w\u00f6chentlich regelm\u00e4\u00dfige Importe und Exporte von und nach Europa, so dass wir den Transport ganz nach Ihren W\u00fcnschen und Bed\u00fcrfnissen organisieren k\u00f6nnen.<\/p>\n\t\t\t\t<\/div>\n\t\t\t<\/div>\n\t\t<\/div>\n\t\t\t<div class=\"sow-accordion-panel\n\t\t\t\t\t\"\n\t\t\t\tdata-anchor-id=\"was-sind-die-vorteile-von-transporter\">\n\t\t\t\t\t<div class=\"sow-accordion-panel-header-container\" role=\"heading\" aria-level=\"2\">\n\t\t\t\t\t<div class=\"sow-accordion-panel-header\" tabindex=\"0\" role=\"button\" id=\"accordion-label-was-sind-die-vorteile-von-transporter\" aria-controls=\"accordion-content-was-sind-die-vorteile-von-transporter\" aria-expanded=\"false\">\n\t\t\t\t\t\t<div class=\"sow-accordion-title sow-accordion-title-icon-left\">\n\t\t\t\t\t\t\t\t\t\t\t\t\t\tWas sind die Vorteile von Transporter?\t\t\t\t\t\t\t\t\t\t\t\t\t<\/div>\n\t\t\t\t\t\t<div class=\"sow-accordion-open-close-button\">\n\t\t\t\t\t\t\t<div class=\"sow-accordion-open-button\">\n\t\t\t\t\t\t\t\t<span class=\"sow-icon-ionicons\" data-sow-icon=\"&#xf218;\"\n\t\t \n\t\taria-hidden=\"true\"><\/span>\t\t\t\t\t\t\t<\/div>\n\t\t\t\t\t\t\t<div class=\"sow-accordion-close-button\">\n\t\t\t\t\t\t\t\t<span class=\"sow-icon-ionicons\" data-sow-icon=\"&#xf209;\"\n\t\t \n\t\taria-hidden=\"true\"><\/span>\t\t\t\t\t\t\t<\/div>\n\t\t\t\t\t\t<\/div>\n\t\t\t\t\t<\/div>\n\t\t\t\t<\/div>\n\n\t\t\t<div\n\t\t\t\tclass=\"sow-accordion-panel-content\"\n\t\t\t\trole=\"region\"\n\t\t\t\taria-labelledby=\"accordion-label-was-sind-die-vorteile-von-transporter\"\n\t\t\t\tid=\"accordion-content-was-sind-die-vorteile-von-transporter\"\n\t\t\t\tstyle=\"display: none;\"\t\t\t>\n\t\t\t\t<div class=\"sow-accordion-panel-border\">\n\t\t\t\t\t<div class=\"jhH5U r-i_fvecjkkjmo\" data-rtid=\"i_fvecjkkjmo\">\n<div id=\"tw-ob\" class=\"tw-src-ltr\">\n<div class=\"oSioSc\">\n<div id=\"tw-target\">\n<div id=\"kAz1tf\" class=\"g9WsWb\">\n<div id=\"tw-target-text-container\" class=\"tw-ta-container tw-nfl\">\n<p id=\"tw-target-text\" class=\"tw-data-text tw-text-large tw-ta\" dir=\"ltr\" data-placeholder=\"Translation\">Transporter haben weniger Bewegungseinschr\u00e4nkungen als Lastwagen, sowohl in besiedelten Gebieten als auch auf offenen Stra\u00dfen. Die Transportkosten f\u00fcr Lieferwagen sind h\u00f6her als f\u00fcr andere Stra\u00dfentransporte, insbesondere bei Waren ohne Umladung. Der gr\u00f6\u00dfte Vorteil w\u00e4re die Lieferzeit der Ware und die M\u00f6glichkeit des direkten Versands.<\/p>\n<\/div>\n<div id=\"z6maec\" class=\"tw-ta-container tw-nfl\">\n<pre id=\"tw-target-rmn\" class=\"tw-data-placeholder tw-text-small tw-ta\" dir=\"ltr\" data-placeholder=\"\"><\/pre>\n<\/div>\n<div id=\"tw-tmenu\" class=\"tw-menu\"><\/div>\n<\/div>\n<\/div>\n<\/div>\n<\/div>\n<div id=\"tw-images\"><\/div>\n<div class=\"dURPtb\"><\/div>\n<div>\n<div><\/div>\n<\/div>\n<\/div>\n\t\t\t\t<\/div>\n\t\t\t<\/div>\n\t\t<\/div>\n\t\t\t<div class=\"sow-accordion-panel\n\t\t\t\t\t\"\n\t\t\t\tdata-anchor-id=\"was-sind-die-vorteile-von-einzeltransport\">\n\t\t\t\t\t<div class=\"sow-accordion-panel-header-container\" role=\"heading\" aria-level=\"2\">\n\t\t\t\t\t<div class=\"sow-accordion-panel-header\" tabindex=\"0\" role=\"button\" id=\"accordion-label-was-sind-die-vorteile-von-einzeltransport\" aria-controls=\"accordion-content-was-sind-die-vorteile-von-einzeltransport\" aria-expanded=\"false\">\n\t\t\t\t\t\t<div class=\"sow-accordion-title sow-accordion-title-icon-left\">\n\t\t\t\t\t\t\t\t\t\t\t\t\t\tWas sind die Vorteile von Einzeltransport?\t\t\t\t\t\t\t\t\t\t\t\t\t<\/div>\n\t\t\t\t\t\t<div class=\"sow-accordion-open-close-button\">\n\t\t\t\t\t\t\t<div class=\"sow-accordion-open-button\">\n\t\t\t\t\t\t\t\t<span class=\"sow-icon-ionicons\" data-sow-icon=\"&#xf218;\"\n\t\t \n\t\taria-hidden=\"true\"><\/span>\t\t\t\t\t\t\t<\/div>\n\t\t\t\t\t\t\t<div class=\"sow-accordion-close-button\">\n\t\t\t\t\t\t\t\t<span class=\"sow-icon-ionicons\" data-sow-icon=\"&#xf209;\"\n\t\t \n\t\taria-hidden=\"true\"><\/span>\t\t\t\t\t\t\t<\/div>\n\t\t\t\t\t\t<\/div>\n\t\t\t\t\t<\/div>\n\t\t\t\t<\/div>\n\n\t\t\t<div\n\t\t\t\tclass=\"sow-accordion-panel-content\"\n\t\t\t\trole=\"region\"\n\t\t\t\taria-labelledby=\"accordion-label-was-sind-die-vorteile-von-einzeltransport\"\n\t\t\t\tid=\"accordion-content-was-sind-die-vorteile-von-einzeltransport\"\n\t\t\t\tstyle=\"display: none;\"\t\t\t>\n\t\t\t\t<div class=\"sow-accordion-panel-border\">\n\t\t\t\t\t<p>Der Einzeltransport ist die beste Option f\u00fcr den Transport empfindlicher G\u00fcter mit h\u00f6herem Wert. Ihre Waren belegen ausschlie\u00dflich das gesamte Fahrzeug und werden ohne Umladung von einem Absender zu einem Empf\u00e4nger transportiert. Es zeichnet sich auch durch eine schnellere Lieferung im Vergleich zum Sammeltransport aus.<\/p>\n\t\t\t\t<\/div>\n\t\t\t<\/div>\n\t\t<\/div>\n\t\t\t<div class=\"sow-accordion-panel\n\t\t\t\t\t\"\n\t\t\t\tdata-anchor-id=\"wie-wird-der-transportpreis-ermittelt\">\n\t\t\t\t\t<div class=\"sow-accordion-panel-header-container\" role=\"heading\" aria-level=\"2\">\n\t\t\t\t\t<div class=\"sow-accordion-panel-header\" tabindex=\"0\" role=\"button\" id=\"accordion-label-wie-wird-der-transportpreis-ermittelt\" aria-controls=\"accordion-content-wie-wird-der-transportpreis-ermittelt\" aria-expanded=\"false\">\n\t\t\t\t\t\t<div class=\"sow-accordion-title sow-accordion-title-icon-left\">\n\t\t\t\t\t\t\t\t\t\t\t\t\t\tWie wird der Transportpreis ermittelt?\t\t\t\t\t\t\t\t\t\t\t\t\t<\/div>\n\t\t\t\t\t\t<div class=\"sow-accordion-open-close-button\">\n\t\t\t\t\t\t\t<div class=\"sow-accordion-open-button\">\n\t\t\t\t\t\t\t\t<span class=\"sow-icon-ionicons\" data-sow-icon=\"&#xf218;\"\n\t\t \n\t\taria-hidden=\"true\"><\/span>\t\t\t\t\t\t\t<\/div>\n\t\t\t\t\t\t\t<div class=\"sow-accordion-close-button\">\n\t\t\t\t\t\t\t\t<span class=\"sow-icon-ionicons\" data-sow-icon=\"&#xf209;\"\n\t\t \n\t\taria-hidden=\"true\"><\/span>\t\t\t\t\t\t\t<\/div>\n\t\t\t\t\t\t<\/div>\n\t\t\t\t\t<\/div>\n\t\t\t\t<\/div>\n\n\t\t\t<div\n\t\t\t\tclass=\"sow-accordion-panel-content\"\n\t\t\t\trole=\"region\"\n\t\t\t\taria-labelledby=\"accordion-label-wie-wird-der-transportpreis-ermittelt\"\n\t\t\t\tid=\"accordion-content-wie-wird-der-transportpreis-ermittelt\"\n\t\t\t\tstyle=\"display: none;\"\t\t\t>\n\t\t\t\t<div class=\"sow-accordion-panel-border\">\n\t\t\t\t\t<p>Verschiedene Parameter beeinflussen die Preisbildung: Art der Ware, Menge, Laufleistung, Dringlichkeit des Transports sowie besondere Anforderungen. Bei regelm\u00e4\u00dfigem Warentransport wird nach Vereinbarung ein g\u00fcnstigerer Preis vereinbart.<\/p>\n\t\t\t\t<\/div>\n\t\t\t<\/div>\n\t\t<\/div>\n\t\t\t<div class=\"sow-accordion-panel\n\t\t\t\t\t\"\n\t\t\t\tdata-anchor-id=\"wie-berechnet-man-den-sammeltransport\">\n\t\t\t\t\t<div class=\"sow-accordion-panel-header-container\" role=\"heading\" aria-level=\"2\">\n\t\t\t\t\t<div class=\"sow-accordion-panel-header\" tabindex=\"0\" role=\"button\" id=\"accordion-label-wie-berechnet-man-den-sammeltransport\" aria-controls=\"accordion-content-wie-berechnet-man-den-sammeltransport\" aria-expanded=\"false\">\n\t\t\t\t\t\t<div class=\"sow-accordion-title sow-accordion-title-icon-left\">\n\t\t\t\t\t\t\t\t\t\t\t\t\t\tWie berechnet man den Sammeltransport?\t\t\t\t\t\t\t\t\t\t\t\t\t<\/div>\n\t\t\t\t\t\t<div class=\"sow-accordion-open-close-button\">\n\t\t\t\t\t\t\t<div class=\"sow-accordion-open-button\">\n\t\t\t\t\t\t\t\t<span class=\"sow-icon-ionicons\" data-sow-icon=\"&#xf218;\"\n\t\t \n\t\taria-hidden=\"true\"><\/span>\t\t\t\t\t\t\t<\/div>\n\t\t\t\t\t\t\t<div class=\"sow-accordion-close-button\">\n\t\t\t\t\t\t\t\t<span class=\"sow-icon-ionicons\" data-sow-icon=\"&#xf209;\"\n\t\t \n\t\taria-hidden=\"true\"><\/span>\t\t\t\t\t\t\t<\/div>\n\t\t\t\t\t\t<\/div>\n\t\t\t\t\t<\/div>\n\t\t\t\t<\/div>\n\n\t\t\t<div\n\t\t\t\tclass=\"sow-accordion-panel-content\"\n\t\t\t\trole=\"region\"\n\t\t\t\taria-labelledby=\"accordion-label-wie-berechnet-man-den-sammeltransport\"\n\t\t\t\tid=\"accordion-content-wie-berechnet-man-den-sammeltransport\"\n\t\t\t\tstyle=\"display: none;\"\t\t\t>\n\t\t\t\t<div class=\"sow-accordion-panel-border\">\n\t\t\t\t\t<p>Die Berechnung ergibt sich aus der Menge, die die Sendung an Nutzraum in Metern ben\u00f6tigt. Eine Europalette hat Abmessungen von 800x1200 mm und nimmt ungef\u00e4hr 0,4 Lademeter ein. Mit dieser Logik k\u00f6nnen wir dann schlie\u00dfen, dass zwei Paletten 0,8 m, drei Paletten 1,2 m und so weiter belegen.<\/p>\n\t\t\t\t<\/div>\n\t\t\t<\/div>\n\t\t<\/div>\n\t\t<\/div>\n<\/div>\n<\/div><\/div><\/div><\/div><\/div><div id=\"pg-1546-6\"  class=\"panel-grid panel-no-style\" ><div id=\"pgc-1546-6-0\"  class=\"panel-grid-cell\" ><div id=\"panel-1546-6-0-0\" class=\"so-panel widget widget_sow-layout-slider panel-first-child panel-last-child\" data-index=\"10\" ><div\n\t\t\t\n\t\t\tclass=\"so-widget-sow-layout-slider so-widget-sow-layout-slider-default-9887937e7b08-1546\"\n\t\t\t\n\t\t>\t\t\t\t<div class=\"sow-slider-base\" style=\"display: none\" tabindex=\"0\">\n\t\t\t\t\t<ul\n\t\t\t\t\tclass=\"sow-slider-images\"\n\t\t\t\t\tdata-settings=\"{&quot;pagination&quot;:true,&quot;speed&quot;:600,&quot;timeout&quot;:3500,&quot;paused&quot;:false,&quot;pause_on_hover&quot;:false,&quot;swipe&quot;:true,&quot;nav_always_show_desktop&quot;:&quot;&quot;,&quot;nav_always_show_mobile&quot;:&quot;&quot;,&quot;breakpoint&quot;:&quot;780px&quot;,&quot;unmute&quot;:false,&quot;anchor&quot;:null}\"\n\t\t\t\t\t\t\t\t\t\tdata-anchor-id=\"\"\n\t\t\t\t>\t\t<li class=\"sow-slider-image  sow-slider-image-cover\" style=\"visibility: visible;;background-color: #333333;background-image: url(https:\/\/www.generaltransport.rs\/wp-content\/uploads\/2019\/09\/Carinsko-2.jpg);cursor: pointer;\" data-url=\"{&quot;url&quot;:&quot;https:\\\/\\\/www.generaltransport.rs\\\/en\\\/transportation\\\/freight-forwarding\\\/&quot;,&quot;new_window&quot;:false}\" >\n\t\t\t\t\t<div class=\"sow-slider-image-container\">\n\t\t\t<div class=\"sow-slider-image-wrapper\">\n\t\t\t\t<div id=\"pl-w19cf481e\"  class=\"panel-layout\" ><div id=\"pg-w19cf481e-0\"  class=\"panel-grid panel-no-style\" ><div id=\"pgc-w19cf481e-0-0\"  class=\"panel-grid-cell\" ><div id=\"panel-w19cf481e-0-0-0\" class=\"so-panel widget widget_sow-headline panel-first-child panel-last-child\" data-index=\"0\" ><div\n\t\t\t\n\t\t\tclass=\"so-widget-sow-headline so-widget-sow-headline-default-ea0af4cf39ae-1546\"\n\t\t\t\n\t\t><div class=\"sow-headline-container \">\n\t\t\t\t\t\t\t<h1 class=\"sow-headline\">\n\t\t\t\t\t\t\t\t\t\t\t\t\t<a href=\"https:\/\/www.generaltransport.rs\/de\/internationaler-transport\/spedition\/\" >\n\t\t\t\t\t\t\t\tSpedition<\/a>\t\t\t\t\t\t<\/h1>\n\t\t\t\t\t\t\t\t\t\t\t<div class=\"decoration\">\n\t\t\t\t\t\t<div class=\"decoration-inside\"><\/div>\n\t\t\t\t\t<\/div>\n\t\t\t\t\t\t\t\t\t\t\t<h3 class=\"sow-sub-headline\">\n\t\t\t\t\t\tEffiziente Zollabfertigung\t\t\t\t\t\t<\/h3>\n\t\t\t\t\t\t<\/div>\n<\/div><\/div><\/div><\/div><\/div>\t\t\t<\/div>\n\t\t<\/div>\n\t\t\t\t<\/li>\n\t\t\t\t<li class=\"sow-slider-image  sow-slider-image-cover\" style=\"visibility: hidden;;background-color: #333333;cursor: pointer;\" data-background=\"url(https:\/\/www.generaltransport.rs\/wp-content\/uploads\/2019\/09\/Evropa-3.jpg)\" data-url=\"{&quot;url&quot;:&quot;https:\\\/\\\/www.generaltransport.rs\\\/en\\\/logistics\\\/&quot;,&quot;new_window&quot;:false}\" >\n\t\t\t\t\t<div class=\"sow-slider-image-container\">\n\t\t\t<div class=\"sow-slider-image-wrapper\">\n\t\t\t\t<div id=\"pl-wacaf94ca\"  class=\"panel-layout\" ><div id=\"pg-wacaf94ca-0\"  class=\"panel-grid panel-no-style\" ><div id=\"pgc-wacaf94ca-0-0\"  class=\"panel-grid-cell\" ><div id=\"panel-wacaf94ca-0-0-0\" class=\"so-panel widget widget_sow-headline panel-first-child panel-last-child\" data-index=\"0\" ><div\n\t\t\t\n\t\t\tclass=\"so-widget-sow-headline so-widget-sow-headline-default-ea0af4cf39ae-1546\"\n\t\t\t\n\t\t><div class=\"sow-headline-container \">\n\t\t\t\t\t\t\t<h1 class=\"sow-headline\">\n\t\t\t\t\t\t\t\t\t\t\t\t\t<a href=\"https:\/\/www.generaltransport.rs\/de\/logistik\/\" >\n\t\t\t\t\t\t\t\tLogistik<\/a>\t\t\t\t\t\t<\/h1>\n\t\t\t\t\t\t\t\t\t\t\t<div class=\"decoration\">\n\t\t\t\t\t\t<div class=\"decoration-inside\"><\/div>\n\t\t\t\t\t<\/div>\n\t\t\t\t\t\t\t\t\t\t\t<h3 class=\"sow-sub-headline\">\n\t\t\t\t\t\tEurop\u00e4isches Netzwerk\t\t\t\t\t\t<\/h3>\n\t\t\t\t\t\t<\/div>\n<\/div><\/div><\/div><\/div><\/div>\t\t\t<\/div>\n\t\t<\/div>\n\t\t\t\t<\/li>\n\t\t<\/ul>\t\t\t\t<ol class=\"sow-slider-pagination\">\n\t\t\t\t\t\t\t\t\t\t\t<li><a href=\"#\" data-goto=\"0\" aria-label=\"Display slide 1\"><\/a><\/li>\n\t\t\t\t\t\t\t\t\t\t\t<li><a href=\"#\" data-goto=\"1\" aria-label=\"Display slide 2\"><\/a><\/li>\n\t\t\t\t\t\t\t\t\t<\/ol>\n\n\t\t\t\t<div class=\"sow-slide-nav sow-slide-nav-next\">\n\t\t\t\t\t<a href=\"#\" data-goto=\"next\" aria-label=\"Next slide\" data-action=\"next\">\n\t\t\t\t\t\t<em class=\"sow-sld-icon-medium-right\"><\/em>\n\t\t\t\t\t<\/a>\n\t\t\t\t<\/div>\n\n\t\t\t\t<div class=\"sow-slide-nav sow-slide-nav-prev\">\n\t\t\t\t\t<a href=\"#\" data-goto=\"previous\" aria-label=\"Previous slide\" data-action=\"prev\">\n\t\t\t\t\t\t<em class=\"sow-sld-icon-medium-left\"><\/em>\n\t\t\t\t\t<\/a>\n\t\t\t\t<\/div>\n\t\t\t\t<\/div><\/div><\/div><\/div><div id=\"pgc-1546-6-1\"  class=\"panel-grid-cell\" ><div id=\"panel-1546-6-1-0\" class=\"so-panel widget widget_sow-layout-slider panel-first-child panel-last-child\" data-index=\"11\" ><div\n\t\t\t\n\t\t\tclass=\"so-widget-sow-layout-slider so-widget-sow-layout-slider-default-9887937e7b08-1546\"\n\t\t\t\n\t\t>\t\t\t\t<div class=\"sow-slider-base\" style=\"display: none\" tabindex=\"0\">\n\t\t\t\t\t<ul\n\t\t\t\t\tclass=\"sow-slider-images\"\n\t\t\t\t\tdata-settings=\"{&quot;pagination&quot;:true,&quot;speed&quot;:600,&quot;timeout&quot;:5000,&quot;paused&quot;:false,&quot;pause_on_hover&quot;:false,&quot;swipe&quot;:true,&quot;nav_always_show_desktop&quot;:&quot;&quot;,&quot;nav_always_show_mobile&quot;:&quot;&quot;,&quot;breakpoint&quot;:&quot;780px&quot;,&quot;unmute&quot;:false,&quot;anchor&quot;:null}\"\n\t\t\t\t\t\t\t\t\t\tdata-anchor-id=\"\"\n\t\t\t\t>\t\t<li class=\"sow-slider-image  sow-slider-image-cover\" style=\"visibility: visible;;background-color: #333333;background-image: url(https:\/\/www.generaltransport.rs\/wp-content\/uploads\/2019\/09\/vozila-1.jpg);cursor: pointer;\" data-url=\"{&quot;url&quot;:&quot;https:\\\/\\\/www.generaltransport.rs\\\/en\\\/transportation\\\/collective-transportation\\\/&quot;,&quot;new_window&quot;:false}\" >\n\t\t\t\t\t<div class=\"sow-slider-image-container\">\n\t\t\t<div class=\"sow-slider-image-wrapper\">\n\t\t\t\t<div id=\"pl-wb9f5b9f9\"  class=\"panel-layout\" ><div id=\"pg-wb9f5b9f9-0\"  class=\"panel-grid panel-no-style\" ><div id=\"pgc-wb9f5b9f9-0-0\"  class=\"panel-grid-cell\" ><div id=\"panel-wb9f5b9f9-0-0-0\" class=\"so-panel widget widget_sow-headline panel-first-child panel-last-child\" data-index=\"0\" ><div\n\t\t\t\n\t\t\tclass=\"so-widget-sow-headline so-widget-sow-headline-default-ea0af4cf39ae-1546\"\n\t\t\t\n\t\t><div class=\"sow-headline-container \">\n\t\t\t\t\t\t\t<h1 class=\"sow-headline\">\n\t\t\t\t\t\t\t\t\t\t\t\t\t<a href=\"https:\/\/www.generaltransport.rs\/de\/internationaler-transport\/sammeltransport\/\" >\n\t\t\t\t\t\t\t\tSammeltransport<\/a>\t\t\t\t\t\t<\/h1>\n\t\t\t\t\t\t\t\t\t\t\t<div class=\"decoration\">\n\t\t\t\t\t\t<div class=\"decoration-inside\"><\/div>\n\t\t\t\t\t<\/div>\n\t\t\t\t\t\t\t\t\t\t\t<h3 class=\"sow-sub-headline\">\n\t\t\t\t\t\t.\t\t\t\t\t\t<\/h3>\n\t\t\t\t\t\t<\/div>\n<\/div><\/div><\/div><\/div><\/div>\t\t\t<\/div>\n\t\t<\/div>\n\t\t\t\t<\/li>\n\t\t\t\t<li class=\"sow-slider-image  sow-slider-image-cover\" style=\"visibility: hidden;;background-color: #333333;cursor: pointer;\" data-background=\"url(https:\/\/www.generaltransport.rs\/wp-content\/uploads\/2019\/09\/Solo.jpg)\" data-url=\"{&quot;url&quot;:&quot;https:\\\/\\\/www.generaltransport.rs\\\/en\\\/transportation\\\/express-delivery\\\/&quot;,&quot;new_window&quot;:false}\" >\n\t\t\t\t\t<div class=\"sow-slider-image-container\">\n\t\t\t<div class=\"sow-slider-image-wrapper\">\n\t\t\t\t<div id=\"pl-w259da9ca\"  class=\"panel-layout\" ><div id=\"pg-w259da9ca-0\"  class=\"panel-grid panel-no-style\" ><div id=\"pgc-w259da9ca-0-0\"  class=\"panel-grid-cell\" ><div id=\"panel-w259da9ca-0-0-0\" class=\"so-panel widget widget_sow-headline panel-first-child panel-last-child\" data-index=\"0\" ><div\n\t\t\t\n\t\t\tclass=\"so-widget-sow-headline so-widget-sow-headline-default-ea0af4cf39ae-1546\"\n\t\t\t\n\t\t><div class=\"sow-headline-container \">\n\t\t\t\t\t\t\t<h1 class=\"sow-headline\">\n\t\t\t\t\t\t\t\t\t\t\t\t\t<a href=\"https:\/\/www.generaltransport.rs\/de\/internationaler-transport\/expresszustellung\/\" >\n\t\t\t\t\t\t\t\tExpresszustellung<\/a>\t\t\t\t\t\t<\/h1>\n\t\t\t\t\t\t\t\t\t\t\t<div class=\"decoration\">\n\t\t\t\t\t\t<div class=\"decoration-inside\"><\/div>\n\t\t\t\t\t<\/div>\n\t\t\t\t\t\t\t\t\t\t\t<h3 class=\"sow-sub-headline\">\n\t\t\t\t\t\t.\t\t\t\t\t\t<\/h3>\n\t\t\t\t\t\t<\/div>\n<\/div><\/div><\/div><\/div><\/div>\t\t\t<\/div>\n\t\t<\/div>\n\t\t\t\t<\/li>\n\t\t<\/ul>\t\t\t\t<ol class=\"sow-slider-pagination\">\n\t\t\t\t\t\t\t\t\t\t\t<li><a href=\"#\" data-goto=\"0\" aria-label=\"Display slide 1\"><\/a><\/li>\n\t\t\t\t\t\t\t\t\t\t\t<li><a href=\"#\" data-goto=\"1\" aria-label=\"Display slide 2\"><\/a><\/li>\n\t\t\t\t\t\t\t\t\t<\/ol>\n\n\t\t\t\t<div class=\"sow-slide-nav sow-slide-nav-next\">\n\t\t\t\t\t<a href=\"#\" data-goto=\"next\" aria-label=\"Next slide\" data-action=\"next\">\n\t\t\t\t\t\t<em class=\"sow-sld-icon-medium-right\"><\/em>\n\t\t\t\t\t<\/a>\n\t\t\t\t<\/div>\n\n\t\t\t\t<div class=\"sow-slide-nav sow-slide-nav-prev\">\n\t\t\t\t\t<a href=\"#\" data-goto=\"previous\" aria-label=\"Previous slide\" data-action=\"prev\">\n\t\t\t\t\t\t<em class=\"sow-sld-icon-medium-left\"><\/em>\n\t\t\t\t\t<\/a>\n\t\t\t\t<\/div>\n\t\t\t\t<\/div><\/div><\/div><\/div><\/div><div id=\"pg-1546-7\"  class=\"panel-grid panel-no-style\" ><div id=\"pgc-1546-7-0\"  class=\"panel-grid-cell\" ><div id=\"panel-1546-7-0-0\" class=\"so-panel widget widget_sow-cta panel-first-child panel-last-child\" data-index=\"12\" ><div\n\t\t\t\n\t\t\tclass=\"so-widget-sow-cta so-widget-sow-cta-default-d14a8d7b8425-1546\"\n\t\t\t\n\t\t><div\n\tclass=\"sow-cta-base\"\n\t>\n\t\n\t<div class=\"sow-cta-wrapper\">\n\n\t\t<div class=\"sow-cta-text\">\n\t\t\t\t\t\t\t<h4 class=\"sow-cta-title\">\n\t\t\t\t\tUnsere Flotte\t\t\t\t<\/h4>\n\t\t\t\n\t\t\t\t\t\t\t<h4 class=\"sow-cta-subtitle\">\n\t\t\t\t\tWir haben eine eigene moderne Flotte von 20 neuen Fahrzeugen!\t\t\t\t<\/h4>\n\t\t\t\t\t<\/div>\n\n\t\t<div\n\t\t\t\n\t\t\tclass=\"so-widget-sow-button so-widget-sow-button-atom-a2429e4870ce\"\n\t\t\t\n\t\t><div class=\"ow-button-base ow-button-align-center\"\n>\n\t\t\t<a\n\t\t\t\t\thref=\"https:\/\/www.generaltransport.rs\/de\/ueber-uns\/unsere-flotte\/\"\n\t\t\t\t\tclass=\"sowb-button ow-icon-placement-left ow-button-hover\" \t>\n\t\t<span>\n\t\t\t<span class=\"sow-icon-fontawesome sow-fas\" data-sow-icon=\"&#xf0d1;\"\n\t\tstyle=\"\" \n\t\taria-hidden=\"true\"><\/span>\n\t\t\tSchauen Sie sich unsere Flotte an -&gt;\t\t<\/span>\n\t\t\t<\/a>\n\t<\/div>\n<\/div>\n\t<\/div>\n\n\t<\/div>\n<\/div><\/div><\/div><\/div><div id=\"pg-1546-8\"  class=\"panel-grid panel-no-style\" ><div id=\"pgc-1546-8-0\"  class=\"panel-grid-cell\" ><div id=\"panel-1546-8-0-0\" class=\"so-panel widget widget_sow-post-carousel panel-first-child panel-last-child\" data-index=\"13\" ><div class=\"panel-widget-style panel-widget-style-for-1546-8-0-0\" ><div\n\t\t\t\n\t\t\tclass=\"so-widget-sow-post-carousel so-widget-sow-post-carousel-base-ad93eedad001-1546\"\n\t\t\t\n\t\t>\t<div\n\t\tclass=\"sow-post-carousel-wrapper sow-post-carousel-theme-base\"\n\t\tstyle=\"overflow: hidden; max-width: 100%; min-height: 182px\"\n\t>\n\t\t<div class=\"sow-carousel-title has-title\">\n\t<h3 class=\"widget-title\">Weitere Informationen finden Sie in unserem Blog!<\/h3>\t\t<div class=\"sow-carousel-navigation \">\n\t\t\t\t\t\t<a href=\"#\" class=\"sow-carousel-next\" title=\"Next\" aria-label=\"Next Posts\" role=\"button\"><\/a>\n\t\t\t\t\t\t<a href=\"#\" class=\"sow-carousel-previous\" title=\"Previous\" aria-label=\"Previous Posts\" role=\"button\"><\/a>\n\t\t\t\t\t<\/div>\n\t<\/div>\n\n<div class=\"sow-carousel-container \">\n\t\t<div class=\"sow-carousel-wrapper\"\n\t\tdata-dir=\"ltr\"\n\t\tstyle=\"opacity: 0;\"\n\t\tdata-widget=\"post\" data-fetching=\"false\" data-page=\"1\" data-ajax-url=\"https:\/\/www.generaltransport.rs\/wp-admin\/admin-ajax.php?_widgets_nonce=6df1ff8902\" data-item_count=\"22\" data-carousel_settings=\"{&quot;loop&quot;:true,&quot;animation&quot;:&quot;Ease&quot;,&quot;animation_speed&quot;:400,&quot;autoplay&quot;:&quot;&quot;,&quot;pauseOnHover&quot;:&quot;&quot;,&quot;autoplaySpeed&quot;:8000,&quot;item_overflow&quot;:true,&quot;autoplay_continuous_scroll&quot;:false}\" data-responsive=\"{&quot;desktop_slides_to_scroll&quot;:1,&quot;tablet_landscape_breakpoint&quot;:1366,&quot;tablet_landscape_slides_to_scroll&quot;:2,&quot;tablet_portrait_breakpoint&quot;:1025,&quot;tablet_portrait_slides_to_scroll&quot;:2,&quot;mobile_breakpoint&quot;:480,&quot;mobile_slides_to_scroll&quot;:1}\" data-variable_width=\"true\" \t>\n\t\t<div\n\t\t\tclass=\"sow-carousel-items\"\n\t\t\t\t\t>\n\t\t\t\t<div class=\"sow-carousel-item\" tabindex=\"-1\" style=\"float: left;\">\n\t\t<div class=\"sow-carousel-thumbnail\">\n\t\t\t\t\t\t\t<a\n\t\t\t\t\thref=\"https:\/\/www.generaltransport.rs\/de\/e-commerce-und-schnelle-lieferung\/\"\n\t\t\t\t\tclass=\"sow-carousel-default-thumbnail\"\n\t\t\t\t\t\t\t\t\t\t\t\t\t\t\taria-labelledby=\"sow-carousel-id-3864\"\n\t\t\t\t\ttabindex=\"-1\"\n\t\t\t\t>\n\t\t\t\t\t<span class=\"overlay\"><\/span>\n\t\t\t\t<\/a>\n\t\t\t\t\t<\/div>\n\t\t<h3 class=\"sow-carousel-item-title\">\n\t\t\t<a\n\t\t\t\thref=\"https:\/\/www.generaltransport.rs\/de\/e-commerce-und-schnelle-lieferung\/\"\n\t\t\t\tid=\"sow-carousel-id-3864\"\n\t\t\t\t\t\t\t\ttabindex=\"-1\"\n\t\t\t>\n\n\t\t\t\tE-Commerce und schnelle Lieferung\t\t\t<\/a>\n\t\t<\/h3>\n\t<\/div>\n\t\t<div class=\"sow-carousel-item\" tabindex=\"-1\" style=\"float: left;\">\n\t\t<div class=\"sow-carousel-thumbnail\">\n\t\t\t\t\t\t\t<a\n\t\t\t\t\thref=\"https:\/\/www.generaltransport.rs\/de\/tipps-fuer-einen-fahranfaenger\/\"\n\t\t\t\t\tclass=\"sow-carousel-default-thumbnail\"\n\t\t\t\t\t\t\t\t\t\t\t\t\t\t\taria-labelledby=\"sow-carousel-id-3858\"\n\t\t\t\t\ttabindex=\"-1\"\n\t\t\t\t>\n\t\t\t\t\t<span class=\"overlay\"><\/span>\n\t\t\t\t<\/a>\n\t\t\t\t\t<\/div>\n\t\t<h3 class=\"sow-carousel-item-title\">\n\t\t\t<a\n\t\t\t\thref=\"https:\/\/www.generaltransport.rs\/de\/tipps-fuer-einen-fahranfaenger\/\"\n\t\t\t\tid=\"sow-carousel-id-3858\"\n\t\t\t\t\t\t\t\ttabindex=\"-1\"\n\t\t\t>\n\n\t\t\t\tTipps f\u00fcr einen Fahranf\u00e4nger\t\t\t<\/a>\n\t\t<\/h3>\n\t<\/div>\n\t\t<div class=\"sow-carousel-item\" tabindex=\"-1\" style=\"float: left;\">\n\t\t<div class=\"sow-carousel-thumbnail\">\n\t\t\t\t\t\t\t<a\n\t\t\t\t\thref=\"https:\/\/www.generaltransport.rs\/de\/vor-und-nachteile-des-strassentransports\/\"\n\t\t\t\t\tclass=\"sow-carousel-default-thumbnail\"\n\t\t\t\t\t\t\t\t\t\t\t\t\t\t\taria-labelledby=\"sow-carousel-id-3854\"\n\t\t\t\t\ttabindex=\"-1\"\n\t\t\t\t>\n\t\t\t\t\t<span class=\"overlay\"><\/span>\n\t\t\t\t<\/a>\n\t\t\t\t\t<\/div>\n\t\t<h3 class=\"sow-carousel-item-title\">\n\t\t\t<a\n\t\t\t\thref=\"https:\/\/www.generaltransport.rs\/de\/vor-und-nachteile-des-strassentransports\/\"\n\t\t\t\tid=\"sow-carousel-id-3854\"\n\t\t\t\t\t\t\t\ttabindex=\"-1\"\n\t\t\t>\n\n\t\t\t\tVor- und Nachteile des Stra\u00dfentransports\t\t\t<\/a>\n\t\t<\/h3>\n\t<\/div>\n\t\t<div class=\"sow-carousel-item\" tabindex=\"-1\" style=\"float: left;\">\n\t\t<div class=\"sow-carousel-thumbnail\">\n\t\t\t\t\t\t\t<a\n\t\t\t\t\thref=\"https:\/\/www.generaltransport.rs\/de\/die-bedeutung-des-imports-und-exports-von-waren-fuer-serbien\/\"\n\t\t\t\t\tclass=\"sow-carousel-default-thumbnail\"\n\t\t\t\t\t\t\t\t\t\t\t\t\t\t\taria-labelledby=\"sow-carousel-id-3850\"\n\t\t\t\t\ttabindex=\"-1\"\n\t\t\t\t>\n\t\t\t\t\t<span class=\"overlay\"><\/span>\n\t\t\t\t<\/a>\n\t\t\t\t\t<\/div>\n\t\t<h3 class=\"sow-carousel-item-title\">\n\t\t\t<a\n\t\t\t\thref=\"https:\/\/www.generaltransport.rs\/de\/die-bedeutung-des-imports-und-exports-von-waren-fuer-serbien\/\"\n\t\t\t\tid=\"sow-carousel-id-3850\"\n\t\t\t\t\t\t\t\ttabindex=\"-1\"\n\t\t\t>\n\n\t\t\t\tDie Bedeutung des Imports und Exports von Waren f\u00fcr Serbien\t\t\t<\/a>\n\t\t<\/h3>\n\t<\/div>\n\t\t<div class=\"sow-carousel-item\" tabindex=\"-1\" style=\"float: left;\">\n\t\t<div class=\"sow-carousel-thumbnail\">\n\t\t\t\t\t\t\t<a\n\t\t\t\t\thref=\"https:\/\/www.generaltransport.rs\/de\/transport-per-van-oder-lkw\/\"\n\t\t\t\t\tclass=\"sow-carousel-default-thumbnail\"\n\t\t\t\t\t\t\t\t\t\t\t\t\t\t\taria-labelledby=\"sow-carousel-id-3846\"\n\t\t\t\t\ttabindex=\"-1\"\n\t\t\t\t>\n\t\t\t\t\t<span class=\"overlay\"><\/span>\n\t\t\t\t<\/a>\n\t\t\t\t\t<\/div>\n\t\t<h3 class=\"sow-carousel-item-title\">\n\t\t\t<a\n\t\t\t\thref=\"https:\/\/www.generaltransport.rs\/de\/transport-per-van-oder-lkw\/\"\n\t\t\t\tid=\"sow-carousel-id-3846\"\n\t\t\t\t\t\t\t\ttabindex=\"-1\"\n\t\t\t>\n\n\t\t\t\tTransport per Van oder LKW\t\t\t<\/a>\n\t\t<\/h3>\n\t<\/div>\n\t\t<div class=\"sow-carousel-item\" tabindex=\"-1\" style=\"float: left;\">\n\t\t<div class=\"sow-carousel-thumbnail\">\n\t\t\t\t\t\t\t<a\n\t\t\t\t\thref=\"https:\/\/www.generaltransport.rs\/de\/internationaler-transport-von-technischen-geraeten\/\"\n\t\t\t\t\tclass=\"sow-carousel-default-thumbnail\"\n\t\t\t\t\t\t\t\t\t\t\t\t\t\t\taria-labelledby=\"sow-carousel-id-3842\"\n\t\t\t\t\ttabindex=\"-1\"\n\t\t\t\t>\n\t\t\t\t\t<span class=\"overlay\"><\/span>\n\t\t\t\t<\/a>\n\t\t\t\t\t<\/div>\n\t\t<h3 class=\"sow-carousel-item-title\">\n\t\t\t<a\n\t\t\t\thref=\"https:\/\/www.generaltransport.rs\/de\/internationaler-transport-von-technischen-geraeten\/\"\n\t\t\t\tid=\"sow-carousel-id-3842\"\n\t\t\t\t\t\t\t\ttabindex=\"-1\"\n\t\t\t>\n\n\t\t\t\tInternationaler Transport von technischen Ger\u00e4ten\t\t\t<\/a>\n\t\t<\/h3>\n\t<\/div>\n\t\t<div class=\"sow-carousel-item\" tabindex=\"-1\" style=\"float: left;\">\n\t\t<div class=\"sow-carousel-thumbnail\">\n\t\t\t\t\t\t\t<a\n\t\t\t\t\thref=\"https:\/\/www.generaltransport.rs\/de\/auswirkungen-von-covid-19-auf-den-internationalen-transport-und-logistik\/\"\n\t\t\t\t\tclass=\"sow-carousel-default-thumbnail\"\n\t\t\t\t\t\t\t\t\t\t\t\t\t\t\taria-labelledby=\"sow-carousel-id-3838\"\n\t\t\t\t\ttabindex=\"-1\"\n\t\t\t\t>\n\t\t\t\t\t<span class=\"overlay\"><\/span>\n\t\t\t\t<\/a>\n\t\t\t\t\t<\/div>\n\t\t<h3 class=\"sow-carousel-item-title\">\n\t\t\t<a\n\t\t\t\thref=\"https:\/\/www.generaltransport.rs\/de\/auswirkungen-von-covid-19-auf-den-internationalen-transport-und-logistik\/\"\n\t\t\t\tid=\"sow-carousel-id-3838\"\n\t\t\t\t\t\t\t\ttabindex=\"-1\"\n\t\t\t>\n\n\t\t\t\tAuswirkungen von Covid -19 auf den internationalen Transport und Logistik\t\t\t<\/a>\n\t\t<\/h3>\n\t<\/div>\n\t\t<div class=\"sow-carousel-item\" tabindex=\"-1\" style=\"float: left;\">\n\t\t<div class=\"sow-carousel-thumbnail\">\n\t\t\t\t\t\t\t<a\n\t\t\t\t\thref=\"https:\/\/www.generaltransport.rs\/de\/gps-tracking\/\"\n\t\t\t\t\tclass=\"sow-carousel-default-thumbnail\"\n\t\t\t\t\t\t\t\t\t\t\t\t\t\t\taria-labelledby=\"sow-carousel-id-3830\"\n\t\t\t\t\ttabindex=\"-1\"\n\t\t\t\t>\n\t\t\t\t\t<span class=\"overlay\"><\/span>\n\t\t\t\t<\/a>\n\t\t\t\t\t<\/div>\n\t\t<h3 class=\"sow-carousel-item-title\">\n\t\t\t<a\n\t\t\t\thref=\"https:\/\/www.generaltransport.rs\/de\/gps-tracking\/\"\n\t\t\t\tid=\"sow-carousel-id-3830\"\n\t\t\t\t\t\t\t\ttabindex=\"-1\"\n\t\t\t>\n\n\t\t\t\tGPS-Tracking\t\t\t<\/a>\n\t\t<\/h3>\n\t<\/div>\n\t\t<div class=\"sow-carousel-item\" tabindex=\"-1\" style=\"float: left;\">\n\t\t<div class=\"sow-carousel-thumbnail\">\n\t\t\t\t\t\t\t<a\n\t\t\t\t\thref=\"https:\/\/www.generaltransport.rs\/de\/phytosanitaere-vorschriften\/\"\n\t\t\t\t\tclass=\"sow-carousel-default-thumbnail\"\n\t\t\t\t\t\t\t\t\t\t\t\t\t\t\taria-labelledby=\"sow-carousel-id-3825\"\n\t\t\t\t\ttabindex=\"-1\"\n\t\t\t\t>\n\t\t\t\t\t<span class=\"overlay\"><\/span>\n\t\t\t\t<\/a>\n\t\t\t\t\t<\/div>\n\t\t<h3 class=\"sow-carousel-item-title\">\n\t\t\t<a\n\t\t\t\thref=\"https:\/\/www.generaltransport.rs\/de\/phytosanitaere-vorschriften\/\"\n\t\t\t\tid=\"sow-carousel-id-3825\"\n\t\t\t\t\t\t\t\ttabindex=\"-1\"\n\t\t\t>\n\n\t\t\t\tPhytosanit\u00e4re Vorschriften\t\t\t<\/a>\n\t\t<\/h3>\n\t<\/div>\n\t\t<div class=\"sow-carousel-item\" tabindex=\"-1\" style=\"float: left;\">\n\t\t<div class=\"sow-carousel-thumbnail\">\n\t\t\t\t\t\t\t<a\n\t\t\t\t\thref=\"https:\/\/www.generaltransport.rs\/de\/warentransport-nach-ungarn\/\"\n\t\t\t\t\tclass=\"sow-carousel-default-thumbnail\"\n\t\t\t\t\t\t\t\t\t\t\t\t\t\t\taria-labelledby=\"sow-carousel-id-3821\"\n\t\t\t\t\ttabindex=\"-1\"\n\t\t\t\t>\n\t\t\t\t\t<span class=\"overlay\"><\/span>\n\t\t\t\t<\/a>\n\t\t\t\t\t<\/div>\n\t\t<h3 class=\"sow-carousel-item-title\">\n\t\t\t<a\n\t\t\t\thref=\"https:\/\/www.generaltransport.rs\/de\/warentransport-nach-ungarn\/\"\n\t\t\t\tid=\"sow-carousel-id-3821\"\n\t\t\t\t\t\t\t\ttabindex=\"-1\"\n\t\t\t>\n\n\t\t\t\tWarentransport nach Ungarn\t\t\t<\/a>\n\t\t<\/h3>\n\t<\/div>\n\t\t\t<\/div>\n\t\t\t<\/div>\n\n\t<\/div>\n\t\t<input type=\"hidden\" name=\"instance_hash\" value=\"7104bb89\"\/>\n\t<\/div>\n<\/div><\/div><\/div><\/div><\/div><\/div>","protected":false},"excerpt":{"rendered":"<p>Die General Transport Company wurde 2006 gegr\u00fcndet. Wir haben die Notwendigkeit des Marktes erkannt, qualitativ hochwertige Verbindungen mit dem restlichen Europa herzustellen. Wir haben dann begonnen, ein eigenes Netzwerk aufzubauen, das immer st\u00e4rker wird. Die Logistikwelt mag kompliziert erscheinen, aber wir sind hier, um sie f\u00fcr Sie zu vereinfachen. Unsere Hauptt\u00e4tigkeit ist die Erbringung von &hellip; <\/p>\n<p class=\"link-more\"><a href=\"https:\/\/www.generaltransport.rs\/de\/ueber-uns\/\" class=\"more-link\">Continue reading<span class=\"screen-reader-text\"> &#8222;\u00dcber uns&#8220;<\/span><\/a><\/p>\n","protected":false},"author":1,"featured_media":0,"parent":0,"menu_order":5,"comment_status":"closed","ping_status":"closed","template":"","meta":{"footnotes":""},"class_list":["post-1546","page","type-page","status-publish","hentry"],"yoast_head":"<!-- This site is optimized with the Yoast SEO plugin v27.3 - https:\/\/yoast.com\/product\/yoast-seo-wordpress\/ -->\n<title>\u00dcber uns - General Transport - Internationaler Warentransport<\/title>\n<meta name=\"description\" content=\"Wir sind ein zuverl\u00e4ssiger Partner f\u00fcr den Warentransport auf dem europ\u00e4ischen Markt. Wir sind im Stra\u00dfenverkehr mit unserer eigenen Flotte besch\u00e4ftigt, die 20 neue Transporter umfasst!\" \/>\n<meta name=\"robots\" content=\"index, follow, max-snippet:-1, max-image-preview:large, max-video-preview:-1\" \/>\n<link rel=\"canonical\" href=\"https:\/\/www.generaltransport.rs\/de\/ueber-uns\/\" \/>\n<meta property=\"og:locale\" content=\"de_DE\" \/>\n<meta property=\"og:type\" content=\"article\" \/>\n<meta property=\"og:title\" content=\"\u00dcber uns - General Transport - Internationaler Warentransport\" \/>\n<meta property=\"og:description\" content=\"Wir sind ein zuverl\u00e4ssiger Partner f\u00fcr den Warentransport auf dem europ\u00e4ischen Markt. Wir sind im Stra\u00dfenverkehr mit unserer eigenen Flotte besch\u00e4ftigt, die 20 neue Transporter umfasst!\" \/>\n<meta property=\"og:url\" content=\"https:\/\/www.generaltransport.rs\/de\/ueber-uns\/\" \/>\n<meta property=\"og:site_name\" content=\"General Transport\" \/>\n<meta property=\"article:modified_time\" content=\"2020-10-27T14:02:43+00:00\" \/>\n<meta name=\"twitter:card\" content=\"summary_large_image\" \/>\n<meta name=\"twitter:label1\" content=\"Gesch\u00e4tzte Lesezeit\" \/>\n\t<meta name=\"twitter:data1\" content=\"2\u00a0Minuten\" \/>\n<script type=\"application\/ld+json\" class=\"yoast-schema-graph\">{\"@context\":\"https:\\\/\\\/schema.org\",\"@graph\":[{\"@type\":\"WebPage\",\"@id\":\"https:\\\/\\\/www.generaltransport.rs\\\/de\\\/ueber-uns\\\/\",\"url\":\"https:\\\/\\\/www.generaltransport.rs\\\/de\\\/ueber-uns\\\/\",\"name\":\"\u00dcber uns - General Transport - Internationaler Warentransport\",\"isPartOf\":{\"@id\":\"https:\\\/\\\/www.generaltransport.rs\\\/de\\\/#website\"},\"datePublished\":\"2019-08-06T16:39:28+00:00\",\"dateModified\":\"2020-10-27T14:02:43+00:00\",\"description\":\"Wir sind ein zuverl\u00e4ssiger Partner f\u00fcr den Warentransport auf dem europ\u00e4ischen Markt. Wir sind im Stra\u00dfenverkehr mit unserer eigenen Flotte besch\u00e4ftigt, die 20 neue Transporter umfasst!\",\"breadcrumb\":{\"@id\":\"https:\\\/\\\/www.generaltransport.rs\\\/de\\\/ueber-uns\\\/#breadcrumb\"},\"inLanguage\":\"de\",\"potentialAction\":[{\"@type\":\"ReadAction\",\"target\":[\"https:\\\/\\\/www.generaltransport.rs\\\/de\\\/ueber-uns\\\/\"]}]},{\"@type\":\"BreadcrumbList\",\"@id\":\"https:\\\/\\\/www.generaltransport.rs\\\/de\\\/ueber-uns\\\/#breadcrumb\",\"itemListElement\":[{\"@type\":\"ListItem\",\"position\":1,\"name\":\"Home\",\"item\":\"https:\\\/\\\/www.generaltransport.rs\\\/de\\\/\"},{\"@type\":\"ListItem\",\"position\":2,\"name\":\"\u00dcber uns\"}]},{\"@type\":\"WebSite\",\"@id\":\"https:\\\/\\\/www.generaltransport.rs\\\/de\\\/#website\",\"url\":\"https:\\\/\\\/www.generaltransport.rs\\\/de\\\/\",\"name\":\"General Transport\",\"description\":\"Me\u0111unarodni transport robe i logistika\",\"publisher\":{\"@id\":\"https:\\\/\\\/www.generaltransport.rs\\\/de\\\/#organization\"},\"potentialAction\":[{\"@type\":\"SearchAction\",\"target\":{\"@type\":\"EntryPoint\",\"urlTemplate\":\"https:\\\/\\\/www.generaltransport.rs\\\/de\\\/?s={search_term_string}\"},\"query-input\":{\"@type\":\"PropertyValueSpecification\",\"valueRequired\":true,\"valueName\":\"search_term_string\"}}],\"inLanguage\":\"de\"},{\"@type\":\"Organization\",\"@id\":\"https:\\\/\\\/www.generaltransport.rs\\\/de\\\/#organization\",\"name\":\"General Transport\",\"url\":\"https:\\\/\\\/www.generaltransport.rs\\\/de\\\/\",\"logo\":{\"@type\":\"ImageObject\",\"inLanguage\":\"de\",\"@id\":\"https:\\\/\\\/www.generaltransport.rs\\\/de\\\/#\\\/schema\\\/logo\\\/image\\\/\",\"url\":\"https:\\\/\\\/www.generaltransport.rs\\\/wp-content\\\/uploads\\\/2019\\\/11\\\/cropped-GT-site-logo-1-1.jpg\",\"contentUrl\":\"https:\\\/\\\/www.generaltransport.rs\\\/wp-content\\\/uploads\\\/2019\\\/11\\\/cropped-GT-site-logo-1-1.jpg\",\"width\":240,\"height\":59,\"caption\":\"General Transport\"},\"image\":{\"@id\":\"https:\\\/\\\/www.generaltransport.rs\\\/de\\\/#\\\/schema\\\/logo\\\/image\\\/\"}}]}<\/script>\n<!-- \/ Yoast SEO plugin. -->","yoast_head_json":{"title":"\u00dcber uns - General Transport - Internationaler Warentransport","description":"Wir sind ein zuverl\u00e4ssiger Partner f\u00fcr den Warentransport auf dem europ\u00e4ischen Markt. Wir sind im Stra\u00dfenverkehr mit unserer eigenen Flotte besch\u00e4ftigt, die 20 neue Transporter umfasst!","robots":{"index":"index","follow":"follow","max-snippet":"max-snippet:-1","max-image-preview":"max-image-preview:large","max-video-preview":"max-video-preview:-1"},"canonical":"https:\/\/www.generaltransport.rs\/de\/ueber-uns\/","og_locale":"de_DE","og_type":"article","og_title":"\u00dcber uns - General Transport - Internationaler Warentransport","og_description":"Wir sind ein zuverl\u00e4ssiger Partner f\u00fcr den Warentransport auf dem europ\u00e4ischen Markt. Wir sind im Stra\u00dfenverkehr mit unserer eigenen Flotte besch\u00e4ftigt, die 20 neue Transporter umfasst!","og_url":"https:\/\/www.generaltransport.rs\/de\/ueber-uns\/","og_site_name":"General Transport","article_modified_time":"2020-10-27T14:02:43+00:00","twitter_card":"summary_large_image","twitter_misc":{"Gesch\u00e4tzte Lesezeit":"2\u00a0Minuten"},"schema":{"@context":"https:\/\/schema.org","@graph":[{"@type":"WebPage","@id":"https:\/\/www.generaltransport.rs\/de\/ueber-uns\/","url":"https:\/\/www.generaltransport.rs\/de\/ueber-uns\/","name":"\u00dcber uns - General Transport - Internationaler Warentransport","isPartOf":{"@id":"https:\/\/www.generaltransport.rs\/de\/#website"},"datePublished":"2019-08-06T16:39:28+00:00","dateModified":"2020-10-27T14:02:43+00:00","description":"Wir sind ein zuverl\u00e4ssiger Partner f\u00fcr den Warentransport auf dem europ\u00e4ischen Markt. Wir sind im Stra\u00dfenverkehr mit unserer eigenen Flotte besch\u00e4ftigt, die 20 neue Transporter umfasst!","breadcrumb":{"@id":"https:\/\/www.generaltransport.rs\/de\/ueber-uns\/#breadcrumb"},"inLanguage":"de","potentialAction":[{"@type":"ReadAction","target":["https:\/\/www.generaltransport.rs\/de\/ueber-uns\/"]}]},{"@type":"BreadcrumbList","@id":"https:\/\/www.generaltransport.rs\/de\/ueber-uns\/#breadcrumb","itemListElement":[{"@type":"ListItem","position":1,"name":"Home","item":"https:\/\/www.generaltransport.rs\/de\/"},{"@type":"ListItem","position":2,"name":"\u00dcber uns"}]},{"@type":"WebSite","@id":"https:\/\/www.generaltransport.rs\/de\/#website","url":"https:\/\/www.generaltransport.rs\/de\/","name":"General Transport","description":"Me\u0111unarodni transport robe i logistika","publisher":{"@id":"https:\/\/www.generaltransport.rs\/de\/#organization"},"potentialAction":[{"@type":"SearchAction","target":{"@type":"EntryPoint","urlTemplate":"https:\/\/www.generaltransport.rs\/de\/?s={search_term_string}"},"query-input":{"@type":"PropertyValueSpecification","valueRequired":true,"valueName":"search_term_string"}}],"inLanguage":"de"},{"@type":"Organization","@id":"https:\/\/www.generaltransport.rs\/de\/#organization","name":"General Transport","url":"https:\/\/www.generaltransport.rs\/de\/","logo":{"@type":"ImageObject","inLanguage":"de","@id":"https:\/\/www.generaltransport.rs\/de\/#\/schema\/logo\/image\/","url":"https:\/\/www.generaltransport.rs\/wp-content\/uploads\/2019\/11\/cropped-GT-site-logo-1-1.jpg","contentUrl":"https:\/\/www.generaltransport.rs\/wp-content\/uploads\/2019\/11\/cropped-GT-site-logo-1-1.jpg","width":240,"height":59,"caption":"General Transport"},"image":{"@id":"https:\/\/www.generaltransport.rs\/de\/#\/schema\/logo\/image\/"}}]}},"_links":{"self":[{"href":"https:\/\/www.generaltransport.rs\/de\/wp-json\/wp\/v2\/pages\/1546","targetHints":{"allow":["GET"]}}],"collection":[{"href":"https:\/\/www.generaltransport.rs\/de\/wp-json\/wp\/v2\/pages"}],"about":[{"href":"https:\/\/www.generaltransport.rs\/de\/wp-json\/wp\/v2\/types\/page"}],"author":[{"embeddable":true,"href":"https:\/\/www.generaltransport.rs\/de\/wp-json\/wp\/v2\/users\/1"}],"replies":[{"embeddable":true,"href":"https:\/\/www.generaltransport.rs\/de\/wp-json\/wp\/v2\/comments?post=1546"}],"version-history":[{"count":10,"href":"https:\/\/www.generaltransport.rs\/de\/wp-json\/wp\/v2\/pages\/1546\/revisions"}],"predecessor-version":[{"id":2597,"href":"https:\/\/www.generaltransport.rs\/de\/wp-json\/wp\/v2\/pages\/1546\/revisions\/2597"}],"wp:attachment":[{"href":"https:\/\/www.generaltransport.rs\/de\/wp-json\/wp\/v2\/media?parent=1546"}],"curies":[{"name":"wp","href":"https:\/\/api.w.org\/{rel}","templated":true}]}}